{"id":14238,"date":"2026-03-12T10:51:28","date_gmt":"2026-03-12T14:51:28","guid":{"rendered":"https:\/\/futurpreneur.ca\/futurpreneur-awards\/faq\/"},"modified":"2026-04-02T13:29:56","modified_gmt":"2026-04-02T17:29:56","slug":"foire-aux-questions","status":"publish","type":"page","link":"https:\/\/futurpreneur.ca\/fr\/les-prix-futurpreneur\/foire-aux-questions\/","title":{"rendered":"FAQs"},"content":{"rendered":"\n\t<section class=\"alignfull header-block \" aria-labelledby=\"header-title\">\n\t\t<!-- Simple Header -->\n\t\t\t\t<!-- Header with an Image -->\n\t\t\t\t\t<div class=\"main-grid\">\n\t\t\t\t<div class=\"main-grid__margin\"><\/div>\n\t\t\t\t<div class=\"header-with-image\">\n\t\t\t\t\t<div class=\"header-with-image__text\">\n\t\t\t\t\t\t<h1 id=\"header-title\">Les propositions de candidature sont maintenant ouvertes!<\/h1>\n\t\t\t\t\t\t<p>Aidez-nous \u00e0 c\u00e9l\u00e9brer notre anniversaire en soumettant une proposition de candidature pour les entrepreneur.e.s, les mentor.e.s et les partenaires de Futurpreneur dans le cadre des prix du 30e anniversaire de Futurpreneur.<\/p>\n\t\t\t\t\t\t\t\t\t\t\t\t\t<a id=\"header-block-button\" href=\"https:\/\/futurpreneurawards.awardsplatform.com\/\" class=\"button header-with-image__text__button\" target=\"_blank\">\n\t\t\t\t\t\t\t\tProposer une candidature\t\t\t\t\t\t\t<\/a>\n\t\t\t\t\t\t\t\t\t\t\t<\/div>\n\t\t\t\t\t<div class=\"header-with-image__image fly-out-caption__trigger\" tabindex=\"0\" role=\"group\" aria-labelledby=\"caption1 caption2\">\n\t\t\t\t\t\t<div class=\"aspect-ratio-box\">\n\t\t\t\t\t\t\t\t\t\t\t\t\t\t\t<img loading=\"lazy\" decoding=\"async\" width=\"1024\" height=\"767\" src=\"https:\/\/futurpreneur.ca\/wp-content\/uploads\/2026\/03\/FP30_Awards_Landing_Hero_1532x1148-1024x767.png\" class=\"attachment-large size-large\" alt=\"\" srcset=\"https:\/\/futurpreneur.ca\/wp-content\/uploads\/2026\/03\/FP30_Awards_Landing_Hero_1532x1148-1024x767.png 1024w, https:\/\/futurpreneur.ca\/wp-content\/uploads\/2026\/03\/FP30_Awards_Landing_Hero_1532x1148-300x225.png 300w, https:\/\/futurpreneur.ca\/wp-content\/uploads\/2026\/03\/FP30_Awards_Landing_Hero_1532x1148-768x576.png 768w, https:\/\/futurpreneur.ca\/wp-content\/uploads\/2026\/03\/FP30_Awards_Landing_Hero_1532x1148-1536x1151.png 1536w, https:\/\/futurpreneur.ca\/wp-content\/uploads\/2026\/03\/FP30_Awards_Landing_Hero_1532x1148.png 1724w\" sizes=\"auto, (max-width: 1024px) 100vw, 1024px\" \/>\t\t\t\t\t\t\t\t\t\t\t\t\t<\/div>\n\t\t\t\t\t\t\t\t\t\t\t<\/div>\n\t\t\t\t<\/div>\n\t\t\t\t<div class=\"main-grid__margin\"><\/div>\n\t\t\t<\/div>\n\t\t\t\t<!-- Header with Partners -->\n\t\t\t\t<!-- Header with Video -->\n\t\t\t<\/section>\n\n\n\n<h2 class=\"wp-block-heading\">Foire aux questions<\/h2>\n\n\n\n<div style=\"height:35px\" aria-hidden=\"true\" class=\"wp-block-spacer\"><\/div>\n\n\n\n<p><strong>Pourquoi Futurpreneur lance-t-il ces prix maintenant?<\/strong><\/p>\n\n\n\n<p>Ces prix marquent les 30&nbsp;ans de Futurpreneur, qui soutient les jeunes entrepreneur.e.s qui cr\u00e9ent des entreprises partout au Canada.<\/p>\n\n\n\n<p>Ces entreprises cr\u00e9ent des emplois, renforcent les cha\u00eenes d\u2019approvisionnement et lancent de nouvelles id\u00e9es sur le march\u00e9, suscitant l\u2019innovation ici m\u00eame au Canada, ce qui renforce notre \u00e9conomie, nos communaut\u00e9s et notre capacit\u00e9 \u00e0 fa\u00e7onner notre propre avenir.<\/p>\n\n\n\n<p>Les prix du 30e&nbsp;anniversaire de Futurpreneur sont \u00e0 la fois une c\u00e9l\u00e9bration de ce qui a \u00e9t\u00e9 construit et un signal de la direction de l\u2019organisme&nbsp;: ils c\u00e9l\u00e8brent les entrepreneur.e.s qui fa\u00e7onnent le Canada d\u2019aujourd\u2019hui et les mentor.e.s et partenaires qui les aident \u00e0 r\u00e9ussir.<\/p>\n\n\n\n<hr class=\"wp-block-separator has-alpha-channel-opacity\"\/>\n\n\n\n<h3 class=\"wp-block-heading\" id=\"entrepreneur\">Prix de l\u2019entrepreneur.e<\/h3>\n\n\n\n<details class=\"wp-block-details is-layout-flow wp-block-details-is-layout-flow\"><summary>Qui peut pr\u00e9tendre aux prix de l\u2019entrepreneur.e?<\/summary>\n<p>Tout.e entrepreneur.e soutenu.e par Futurpreneur qui r\u00e9pond aux crit\u00e8res d\u2019admissibilit\u00e9.<\/p>\n\n\n\n<div style=\"height:25px\" aria-hidden=\"true\" class=\"wp-block-spacer\"><\/div>\n\n\n\n<p>Les candidat.e.s doivent r\u00e9pondre aux crit\u00e8res suivants.<\/p>\n\n\n\n<ul class=\"wp-block-list\">\n<li>Un.e entrepreneur.e ou une \u00e9quipe fondatrice ayant le soutien de Futurpreneur qui&nbsp;:\n<ul class=\"wp-block-list\">\n<li>a re\u00e7u un financement de Futurpreneur ou de la Fondation canadienne des jeunes entrepreneurs (FCJE) et dont le pr\u00eat a \u00e9t\u00e9 enti\u00e8rement rembours\u00e9 ou est en r\u00e8gle tout au long du processus de s\u00e9lection des prix;<\/li>\n\n\n\n<li>participe activement \u00e0 la direction de l\u2019entreprise;<\/li>\n\n\n\n<li>dirige une entreprise qui&nbsp;:\n<ul class=\"wp-block-list\">\n<li>exerce ses activit\u00e9s depuis au moins 24&nbsp;mois,<\/li>\n\n\n\n<li>dispose de revenus et d\u2019un mod\u00e8le d\u2019entreprise performant,<\/li>\n\n\n\n<li>exerce ses activit\u00e9s principalement au Canada (les ventes peuvent \u00eatre internationales).<\/li>\n<\/ul>\n<\/li>\n<\/ul>\n<\/li>\n<\/ul>\n\n\n\n<p><em>Remarque concernant l\u2019admissibilit\u00e9&nbsp;: Personnes intronis\u00e9es au panth\u00e9on des fondateur.rice.s<\/em><\/p>\n\n\n\n<div style=\"height:15px\" aria-hidden=\"true\" class=\"wp-block-spacer\"><\/div>\n\n\n\n<p>Les entrepreneur.e.s dont les entreprises ont atteint une certaine envergure, comme des marques reconnues \u00e0 l\u2019\u00e9chelle nationale ou mondiale, des entreprises ayant un chiffre d\u2019affaires annuel de plus de 50&nbsp;millions de dollars, ayant plus de 100&nbsp;employ\u00e9.e.s ou ayant connu des sorties importantes, ou des organisations qui ne poursuivent plus la croissance comme objectif principal, seront honor\u00e9.e.s par le biais du panth\u00e9on des <strong>fondateur.rice.s de Futurpreneur<\/strong> et ne sont pas admissibles aux prix de l\u2019entrepreneur.e.<\/p>\n\n\n\n<div style=\"height:35px\" aria-hidden=\"true\" class=\"wp-block-spacer\"><\/div>\n\n\n\n<p>Les personnes intronis\u00e9es au panth\u00e9on des fondateur.rice.s de Futurpreneur n\u2019ont pas besoin de travailler actuellement dans leur entreprise. Mais l\u2019entreprise doit avoir atteint une taille et une notori\u00e9t\u00e9 significatives alors que ces personnes occupaient encore un poste de direction.<\/p>\n\n\n\n<div style=\"height:35px\" aria-hidden=\"true\" class=\"wp-block-spacer\"><\/div>\n\n\n\n<p>Cette distinction garantit que les <strong>prix de l\u2019entrepreneur.e<\/strong> mettent en lumi\u00e8re les entrepreneur.e.s en phase de croissance qui b\u00e2tissent des entreprises de longue dur\u00e9e, tandis que le <strong>panth\u00e9on des fondateur.rice.s de Futurpreneur<\/strong> honore les personnes qui ont cr\u00e9\u00e9 des entreprises ayant d\u00e9j\u00e0 atteint une certaine envergure.<\/p>\n<\/details>\n\n\n\n<details class=\"wp-block-details is-layout-flow wp-block-details-is-layout-flow\"><summary>Qui peut proposer la candidature d\u2019un.e entrepreneur.e ou d\u2019une \u00e9quipe fondatrice ayant le soutien de Futurpreneur pour un prix de l\u2019entrepreneur.e?<\/summary>\n<p>Tout le monde peut proposer la candidature d\u2019un.e entrepreneur.e ou d\u2019une \u00e9quipe fondatrice ayant le soutien de Futurpreneur pour un prix de l\u2019entrepreneur.e. Vous pouvez \u00e9galement proposer votre candidature si vous \u00eates un.e entrepreneur.e soutenu.e par Futurpreneur et que vous remplissez les crit\u00e8res d\u2019admissibilit\u00e9.<\/p>\n<\/details>\n\n\n\n<details class=\"wp-block-details is-layout-flow wp-block-details-is-layout-flow\"><summary>Combien d\u2019entrepreneur.e.s ou d\u2019\u00e9quipes fondatrices ayant le soutien de Futurpreneur puis-je proposer pour un prix de l\u2019entrepreneur.e?<\/summary>\n<p>Il n\u2019y a pas de limite au nombre de proposition de candidature que vous pouvez soumettre. Il n\u2019y a pas non plus d\u2019avantage \u00e0 proposer une personne plus d\u2019une fois, car le nombre de soumissions n&rsquo;est pas pris en compte dans les crit\u00e8res d&rsquo;\u00e9valuation.<\/p>\n<\/details>\n\n\n\n<details class=\"wp-block-details is-layout-flow wp-block-details-is-layout-flow\"><summary>Depuis combien de temps une entreprise doit-elle \u00eatre en activit\u00e9 pour pouvoir pr\u00e9tendre \u00e0 un prix de l\u2019entrepreneur.e?<\/summary>\n<p>L\u2019entreprise doit \u00eatre en activit\u00e9 depuis au moins 24&nbsp;mois au moment de l\u2019inscription.<\/p>\n<\/details>\n\n\n\n<details class=\"wp-block-details is-layout-flow wp-block-details-is-layout-flow\"><summary>Les prix sont-ils d\u00e9cern\u00e9s \u00e0 des personnes individuelles ou \u00e0 des \u00e9quipes fondatrices?<\/summary>\n<p>Les prix sont attribu\u00e9s par entreprise. Lorsqu\u2019une entreprise compte plusieurs cofondateur.rice.s, la reconnaissance et le prix seront d\u00e9cern\u00e9s collectivement aux membres de l\u2019\u00e9quipe fondatrice soutenu.e.s par Futurpreneur.<\/p>\n<\/details>\n\n\n\n<details class=\"wp-block-details is-layout-flow wp-block-details-is-layout-flow\"><summary>Combien d\u2019entrepreneur.e.s seront r\u00e9compens\u00e9.e.s?<\/summary>\n<p>Futurpreneur s\u00e9lectionnera 30&nbsp;finalistes dans tout le Canada. Au moins trois finalistes seront honor\u00e9.e.s dans chaque r\u00e9gion (Canada atlantique, Qu\u00e9bec, Ontario, Manitoba et Saskatchewan, Alberta et Colombie-Britannique) et dans chaque communaut\u00e9 de programme (programme pour les entrepreneur.e.s noir.e.s ou autochtones) desservie par Futurpreneur.<\/p>\n<\/details>\n\n\n\n<details class=\"wp-block-details is-layout-flow wp-block-details-is-layout-flow\"><summary>Quelles sont les r\u00e9compenses mon\u00e9taires?<\/summary>\n<p><strong>Finalistes \u00e0 l\u2019\u00e9chelle nationale\u2028<\/strong><\/p>\n\n\n\n<p>Les 30&nbsp;finalistes \u00e0 l\u2019\u00e9chelle nationale recevront 1&nbsp;000&nbsp;$.<\/p>\n\n\n\n<div style=\"height:35px\" aria-hidden=\"true\" class=\"wp-block-spacer\"><\/div>\n\n\n\n<p><strong>Laur\u00e9at.e.s \u00e0 l\u2019\u00e9chelle nationale\u2028<\/strong><\/p>\n\n\n\n<p>Trois des finalistes seront s\u00e9lectionn\u00e9.e.s comme laur\u00e9at.e.s \u00e0 l\u2019\u00e9chelle nationale et recevront chacun.e 10&nbsp;000&nbsp;$ suppl\u00e9mentaires.<\/p>\n\n\n\n<div style=\"height:35px\" aria-hidden=\"true\" class=\"wp-block-spacer\"><\/div>\n\n\n\n<p><strong>Prix du public\u2028<\/strong><\/p>\n\n\n\n<p>Un.e finaliste \u00e0 l\u2019\u00e9chelle nationale remportera le prix du public et recevra 30&nbsp;000&nbsp;$.<\/p>\n<\/details>\n\n\n\n<details class=\"wp-block-details is-layout-flow wp-block-details-is-layout-flow\"><summary>Est-il possible de recevoir plus d\u2019un prix?<\/summary>\n<p>Les finalistes \u00e0 l\u2019\u00e9chelle nationale recevront un prix d\u2019une valeur de 1&nbsp;000&nbsp;$. &nbsp;<\/p>\n\n\n\n<div style=\"height:35px\" aria-hidden=\"true\" class=\"wp-block-spacer\"><\/div>\n\n\n\n<p>Quatre finalistes recevront <span style=\"text-decoration: underline;\">\u00e9galement<\/span> l\u2019un des quatre prix \u00e0 l\u2019\u00e9chelle nationale&nbsp;:&nbsp;<\/p>\n\n\n\n<ul class=\"wp-block-list\">\n<li>10&nbsp;000&nbsp;$ \u00e0 chacun.e des trois laur\u00e9at.e.s \u00e0 l\u2019\u00e9chelle nationale;<\/li>\n\n\n\n<li>30&nbsp;000&nbsp;$ au.\u00e0 la laur\u00e9at.e du prix du public.<\/li>\n<\/ul>\n<\/details>\n\n\n\n<details class=\"wp-block-details is-layout-flow wp-block-details-is-layout-flow\"><summary>Qui peut pr\u00e9tendre au prix du public?<\/summary>\n<p>Les 30&nbsp;finalistes \u00e0 l\u2019\u00e9chelle nationale peuvent remporter le prix du public en encourageant leur communaut\u00e9 \u00e0 voter pour eux.elles pendant la p\u00e9riode de vote. Sur la base du vote populaire (classement selon le plus grand nombre de votes re\u00e7us), un.e laur\u00e9at.e sera s\u00e9lectionn\u00e9.e.<\/p>\n<\/details>\n\n\n\n<details class=\"wp-block-details is-layout-flow wp-block-details-is-layout-flow\"><summary>Quels sont les crit\u00e8res de s\u00e9lection des finalistes du prix de l\u2019entrepreneur.e?<\/summary>\n<p>Les \u00e9valuateur.rice.s \u00e9valueront les candidatures de mani\u00e8re globale sur la base des <strong>quatre crit\u00e8res ci-dessous<\/strong>, en tenant compte du contexte, de l\u2019acc\u00e8s et de l\u2019exp\u00e9rience v\u00e9cue, en plus des mesures de rendement traditionnelles. La grille d\u2019\u00e9valuation sera ajust\u00e9e pour tenir compte du fait que ce ne sont pas tou.te.s les candidat.e.s qui doivent satisfaire aux quatre crit\u00e8res d\u2019\u00e9valuation de fa\u00e7on \u00e9gale.<\/p>\n\n\n\n<div style=\"height:35px\" aria-hidden=\"true\" class=\"wp-block-spacer\"><\/div>\n\n\n\n<p>L\u2019intention de Futurpreneur est de reconna\u00eetre l\u2019excellence dans les nombreuses voies, les nombreuses industries et les nombreux points de d\u00e9part des entrepreneur.e.s pour cr\u00e9er des entreprises prosp\u00e8res au Canada.<\/p>\n\n\n\n<ol class=\"wp-block-list\">\n<li><strong>Croissance et durabilit\u00e9 de l\u2019entreprise<\/strong>\n<ul class=\"wp-block-list\">\n<li>Croissance des revenus ou stabilit\u00e9 financi\u00e8re<\/li>\n\n\n\n<li>Cr\u00e9ation d\u2019emplois ou perfectionnement de la main-d\u2019\u0153uvre<\/li>\n\n\n\n<li>Rayonnement sur le march\u00e9 ou expansion<\/li>\n\n\n\n<li>Preuve de la viabilit\u00e9 \u00e0 long terme<\/li>\n<\/ul>\n<\/li>\n\n\n\n<li><strong>R\u00e9silience et adaptabilit\u00e9<\/strong>\n<ul class=\"wp-block-list\">\n<li>Capacit\u00e9 \u00e0 surmonter les difficult\u00e9s ou les revers<\/li>\n\n\n\n<li>R\u00e9ceptivit\u00e9 aux changements \u00e9conomiques ou du march\u00e9<\/li>\n\n\n\n<li>Pers\u00e9v\u00e9rance dans l\u2019incertitude<\/li>\n<\/ul>\n<\/li>\n\n\n\n<li><strong>Incidence communautaire et sociale<\/strong>\n<ul class=\"wp-block-list\">\n<li>Influence positive sur les communaut\u00e9s locales, r\u00e9gionales ou nationales<\/li>\n\n\n\n<li>Contributions \u00e0 une prosp\u00e9rit\u00e9 inclusive<\/li>\n<\/ul>\n<\/li>\n\n\n\n<li><strong>Leadership et inspiration<\/strong>\n<ul class=\"wp-block-list\">\n<li>Leadership d\u00e9montr\u00e9 par l\u2019entrepreneur.e ou l\u2019\u00e9quipe fondatrice<\/li>\n\n\n\n<li>Mentorat, plaidoyer ou renforcement de la communaut\u00e9<\/li>\n\n\n\n<li>Mod\u00e8le qui inspire les autres \u00e0 avoir une influence<\/li>\n<\/ul>\n<\/li>\n<\/ol>\n<\/details>\n\n\n\n<details class=\"wp-block-details is-layout-flow wp-block-details-is-layout-flow\"><summary>Comment le prix du public est-il d\u00e9cern\u00e9?<\/summary>\n<p>Les 30&nbsp;finalistes \u00e0 l\u2019\u00e9chelle nationale seront invit\u00e9.e.s \u00e0 participer au prix du public, et \u00e0 encourager leur communaut\u00e9 \u00e0 voter pour eux.elles par le biais des m\u00e9dias sociaux, du bouche-\u00e0-oreille, etc. Des mesures de protection du vote seront mises en \u0153uvre pour assurer l\u2019\u00e9quit\u00e9 et l\u2019int\u00e9grit\u00e9. Sur la base du vote populaire (classement selon le plus grand nombre de votes re\u00e7us), un.e laur\u00e9at.e sera s\u00e9lectionn\u00e9.e et recevra 30&nbsp;000&nbsp;$.<\/p>\n<\/details>\n\n\n\n<details class=\"wp-block-details is-layout-flow wp-block-details-is-layout-flow\"><summary>Quand se fera l\u2019annonce des finalistes et des laur\u00e9at.e.s?<\/summary>\n<ul class=\"wp-block-list\">\n<li>Les <strong>finalistes \u00e0 l\u2019\u00e9chelle nationale<\/strong> seront annonc\u00e9.e.s \u00e0 la fin du mois de juillet.<\/li>\n\n\n\n<li>Les <strong>laur\u00e9at.e.s \u00e0 l\u2019\u00e9chelle nationale<\/strong> seront annonc\u00e9.e.s le 28&nbsp;octobre&nbsp;2026, lors de la c\u00e9l\u00e9bration du 30e&nbsp;anniversaire de Futurpreneur.<\/li>\n\n\n\n<li>Le.a <strong>laur\u00e9at.e du prix du public<\/strong> sera annonc\u00e9.e le 28&nbsp;octobre&nbsp;2026, lors de la c\u00e9l\u00e9bration du 30e&nbsp;anniversaire de Futurpreneur.<\/li>\n\n\n\n<li>Les <strong>personnes intronis\u00e9es au panth\u00e9on des fondateur.rice.s<\/strong> seront annonc\u00e9es le 28&nbsp;octobre&nbsp;2026, lors de la c\u00e9l\u00e9bration du 30e&nbsp;anniversaire de Futurpreneur.<\/li>\n<\/ul>\n<\/details>\n\n\n\n<details class=\"wp-block-details is-layout-flow wp-block-details-is-layout-flow\"><summary>Les personnes intronis\u00e9es au panth\u00e9on des fondateur.rice.s sont-elles admissibles aux prix mon\u00e9taires de l\u2019entrepreneur.e?<\/summary>\n<p>Non. Les personnes intronis\u00e9es au panth\u00e9on des fondateur.rice.s de Futurpreneur ne sont pas admissibles \u00e0 des r\u00e9compenses financi\u00e8res.<\/p>\n<\/details>\n\n\n\n<details class=\"wp-block-details is-layout-flow wp-block-details-is-layout-flow\"><summary>Qui sont les \u00e9valuateur.rice.s?<\/summary>\n<p>Les \u00e9valuateur.rice.s poss\u00e8dent dans les domaines de l&rsquo;entrepreneuriat, du leadership et du d\u00e9veloppement d&rsquo;\u00e9cosyst\u00e8mes. Les \u00e9valuateur.rice.s seront invit\u00e9.e.s \u00e0 d\u00e9clarer leurs conflits d\u2019int\u00e9r\u00eats.<\/p>\n<\/details>\n\n\n\n<details class=\"wp-block-details is-layout-flow wp-block-details-is-layout-flow\"><summary>Que se passe-t-il si un.e \u00e9valuateur.rice.s a une relation avec un.e candidat.e?<\/summary>\n<p>Tout.e \u00e9valuateur.rice.s ayant un conflit d\u2019int\u00e9r\u00eats r\u00e9el ou per\u00e7u avec une inscription se r\u00e9cusera de l\u2019examen de cette candidature.<\/p>\n<\/details>\n\n\n\n<details class=\"wp-block-details is-layout-flow wp-block-details-is-layout-flow\"><summary>Le rendement financier est-il le facteur le plus important?<\/summary>\n<p>Non. Si les r\u00e9sultats financiers et la durabilit\u00e9 sont un facteur, les \u00e9valuateur.rice.s \u00e9valuent les candidatures de mani\u00e8re globale, en tenant compte \u00e9galement de la r\u00e9silience, du leadership et de l\u2019incidence sur la communaut\u00e9.<\/p>\n<\/details>\n\n\n\n<hr class=\"wp-block-separator has-alpha-channel-opacity\"\/>\n\n\n\n<h3 class=\"wp-block-heading\" id=\"mentor\">Prix du.de la mentor.e<\/h3>\n\n\n\n<details class=\"wp-block-details is-layout-flow wp-block-details-is-layout-flow\"><summary>Qui peut pr\u00e9tendre au prix du.de la mentor.e?<\/summary>\n<p>Tout.e mentor.e actif.ve de Futurpreneur qui r\u00e9pond aux crit\u00e8res d\u2019admissibilit\u00e9 peut pr\u00e9tendre au prix.<\/p>\n\n\n\n<div style=\"height:35px\" aria-hidden=\"true\" class=\"wp-block-spacer\"><\/div>\n\n\n\n<p>Chaque candidat.e doit&nbsp;:<\/p>\n\n\n\n<ul class=\"wp-block-list\">\n<li>\u00eatre un.e mentor.e actif.ve de Futurpreneur et en r\u00e8gle;<\/li>\n\n\n\n<li>cumuler au moins trois ans d\u2019engagement en tant que mentor.e aupr\u00e8s de Futurpreneur;<\/li>\n\n\n\n<li>avoir soutenu au moins un.e entrepreneur.e au cours des deux derni\u00e8res ann\u00e9es.<\/li>\n<\/ul>\n<\/details>\n\n\n\n<details class=\"wp-block-details is-layout-flow wp-block-details-is-layout-flow\"><summary>Qui peut proposer des mentor.e.s de Futurpreneur pour le prix du.de la mentor.e?<\/summary>\n<p>Tout le monde peut proposer des mentor.e.s de Futurpreneur pour le prix du.de la mentor.e. Vous pouvez \u00e9galement proposer votre candidature si vous \u00eates un.e mentor.e de Futurpreneur et que vous remplissez les crit\u00e8res d\u2019admissibilit\u00e9.<\/p>\n<\/details>\n\n\n\n<details class=\"wp-block-details is-layout-flow wp-block-details-is-layout-flow\"><summary>Combien de mentor.e.s de Futurpreneur puis-je proposer pour le prix du.de la mentor.e?<\/summary>\n<p>Il n\u2019y a pas de limite au nombre de proposition de candidature que vous pouvez soumettre. Il n\u2019y a pas non plus d\u2019avantage \u00e0 proposer une personne plus d\u2019une fois, car le nombre de soumissions n&rsquo;est pas pris en compte dans les crit\u00e8res d&rsquo;\u00e9valuation.<\/p>\n<\/details>\n\n\n\n<details class=\"wp-block-details is-layout-flow wp-block-details-is-layout-flow\"><summary>Combien de mentor.e.s seront r\u00e9compens\u00e9.e.s par un prix du.de la mentor.e?<\/summary>\n<p>Jusqu\u2019\u00e0 huit finalistes seront honor\u00e9.e.s dans tout le pays. Le.a laur\u00e9at.e du prix du.de la mentor.e sera annonc\u00e9.e lors de la c\u00e9r\u00e9monie de remise des prix du 30e&nbsp;anniversaire de Futurpreneur, le 28&nbsp;octobre&nbsp;2026.<\/p>\n<\/details>\n\n\n\n<details class=\"wp-block-details is-layout-flow wp-block-details-is-layout-flow\"><summary>Quelles sont les r\u00e9compenses mon\u00e9taires pour le prix du.de la mentor.e?<\/summary>\n<p>Le.a laur\u00e9at.e du prix du.de la mentor.e sera r\u00e9compens\u00e9.e pour sa contribution significative \u00e0 l\u2019\u00e9cosyst\u00e8me entrepreneurial du Canada. Cette personne b\u00e9n\u00e9ficiera d\u2019une visibilit\u00e9 nationale, d\u2019une amplification de son r\u00e9cit et d\u2019un acc\u00e8s \u00e0 des partenaires, des bailleur.euse.s de fonds et des leaders de l\u2019\u00e9cosyst\u00e8me \u00e0 travers le Canada. Elle ne recevra pas de prix mon\u00e9taire.<\/p>\n<\/details>\n\n\n\n<details class=\"wp-block-details is-layout-flow wp-block-details-is-layout-flow\"><summary>Existe-t-il un prix du public pour les mentor.e.s?<\/summary>\n<p>Non, il n\u2019existe qu\u2019un seul prix du public pour les entrepreneur.e.s.<\/p>\n<\/details>\n\n\n\n<details class=\"wp-block-details is-layout-flow wp-block-details-is-layout-flow\"><summary>Quels sont les crit\u00e8res d\u2019\u00e9valuation pour le prix du.de la mentor.e?<\/summary>\n<p>Apr\u00e8s l\u2019\u00e9valuation des inscriptions par Futurpreneur pour v\u00e9rifier l\u2019admissibilit\u00e9 et les crit\u00e8res de qualification de base, les mentor.e.s seront \u00e9valu\u00e9.e.s par des \u00e9valuateur.rice.s \u00e0 l\u2019aide d\u2019une grille d\u2019\u00e9valuation standardis\u00e9e ax\u00e9e sur les points suivants.<\/p>\n\n\n\n<div style=\"height:35px\" aria-hidden=\"true\" class=\"wp-block-spacer\"><\/div>\n\n\n\n<ul class=\"wp-block-list\">\n<li><strong>Profondeur et qualit\u00e9 du mentorat<\/strong> (y compris la fr\u00e9quence, la coh\u00e9rence et l\u2019orientation strat\u00e9gique)<\/li>\n\n\n\n<li><strong>Incidence d\u00e9montr\u00e9e<\/strong> (y compris les r\u00e9sultats pr\u00e9cis de l\u2019entrepreneur.e, la croissance ou les principaux points tournants soutenus)<\/li>\n\n\n\n<li><strong>Engagement en faveur de l\u2019entrepreneuriat inclusif<\/strong> (y compris le soutien des fondateur.rice.s m\u00e9ritant l\u2019\u00e9quit\u00e9 et la contribution \u00e0 une croissance \u00e9conomique inclusive)<\/li>\n\n\n\n<li><strong>Leadership au sein de la communaut\u00e9 de mentorat<\/strong> (y compris le mentorat par les pairs, la participation \u00e0 des initiatives de mentorat et le leadership de type ambassadeur.rice)<\/li>\n\n\n\n<li><strong>Alignement sur les valeurs de Futurpreneur<\/strong> (y compris la diversit\u00e9 et l\u2019inclusion, la responsabilit\u00e9 et la transparence, la coll\u00e9gialit\u00e9 et la collaboration, et le d\u00e9vouement \u00e0 la mission)<\/li>\n<\/ul>\n<\/details>\n\n\n\n<details class=\"wp-block-details is-layout-flow wp-block-details-is-layout-flow\"><summary>Quand se fera l\u2019annonce des finalistes et du.de la laur\u00e9at.e du prix du.de la mentor.e?<\/summary>\n<ul class=\"wp-block-list\">\n<li><strong>Les finalistes \u00e0 l\u2019\u00e9chelle nationale (jusqu\u2019\u00e0 huit)<\/strong> seront annonc\u00e9.e.s \u00e0 la fin juillet sur le site Web et les m\u00e9dias sociaux de Futurpreneur.<\/li>\n\n\n\n<li><strong>Le.a laur\u00e9at.e \u00e0 l\u2019\u00e9chelle nationale<\/strong> sera annonc\u00e9.e le 28&nbsp;octobre&nbsp;2026, lors de la c\u00e9r\u00e9monie de remise des prix du 30e&nbsp;anniversaire de Futurpreneur.<\/li>\n<\/ul>\n<\/details>\n\n\n\n<hr class=\"wp-block-separator has-alpha-channel-opacity\"\/>\n\n\n\n<h3 class=\"wp-block-heading\" id=\"community\">Prix du.de la partenaire communautaire<\/h3>\n\n\n\n<details class=\"wp-block-details is-layout-flow wp-block-details-is-layout-flow\"><summary>Qui peut pr\u00e9tendre au prix du.de la partenaire communautaire?<\/summary>\n<p>Un organisme (\u00e0 but non lucratif, universitaire ou communautaire) qui a maintenu un partenariat actif avec Futurpreneur au cours des trois derni\u00e8res ann\u00e9es.<\/p>\n\n\n\n<div style=\"height:35px\" aria-hidden=\"true\" class=\"wp-block-spacer\"><\/div>\n\n\n\n<p>Ces organismes jouent un r\u00f4le important dans le renforcement de l\u2019\u00e9cosyst\u00e8me entrepreneurial du Canada et dans la r\u00e9ussite des jeunes entrepreneur.e.s.<\/p>\n<\/details>\n\n\n\n<details class=\"wp-block-details is-layout-flow wp-block-details-is-layout-flow\"><summary>Qui peut proposer des partenaires communautaires de Futurpreneur pour le prix du.de la partenaire communautaire?<\/summary>\n<p>Tout le monde peut proposer des partenaires communautaires de Futurpreneur pour le prix du.de la partenaire communautaire. Vous pouvez \u00e9galement proposer votre propre organisme si vous \u00eates un.e partenaire communautaire de Futurpreneur et si vous remplissez les crit\u00e8res d\u2019admissibilit\u00e9.<\/p>\n<\/details>\n\n\n\n<details class=\"wp-block-details is-layout-flow wp-block-details-is-layout-flow\"><summary>Combien de partenaires communautaires de Futurpreneur puis-je proposer pour le prix du.de la partenaire communautaire?<\/summary>\n<p>Il n\u2019y a pas de limite au nombre de propositions de candidatures que vous pouvez soumettre. Il n\u2019y a pas non plus d\u2019avantage \u00e0 proposer une personne plus d\u2019une fois, car le nombre de soumissions n&rsquo;est pas pris en compte dans les crit\u00e8res d&rsquo;\u00e9valuation.<\/p>\n<\/details>\n\n\n\n<details class=\"wp-block-details is-layout-flow wp-block-details-is-layout-flow\"><summary>Combien de partenaires communautaires seront r\u00e9compens\u00e9.e.s par un prix du.de la partenaire communautaire?<\/summary>\n<p>Jusqu\u2019\u00e0 huit finalistes seront honor\u00e9.e.s dans tout le pays. Le.a laur\u00e9at.e du prix du.de la partenaire communautaire.e sera annonc\u00e9.e lors de la c\u00e9r\u00e9monie de remise des prix du 30e&nbsp;anniversaire de Futurpreneur, le 28&nbsp;octobre&nbsp;2026.<\/p>\n<\/details>\n\n\n\n<details class=\"wp-block-details is-layout-flow wp-block-details-is-layout-flow\"><summary>Quelles sont les r\u00e9compenses mon\u00e9taires pour le prix du.de la partenaire communautaire?<\/summary>\n<p>Le.a laur\u00e9at.e du prix du.de la partenaire communautaire sera r\u00e9compens\u00e9.e pour sa contribution significative \u00e0 l\u2019\u00e9cosyst\u00e8me entrepreneurial du Canada. Cette personne b\u00e9n\u00e9ficiera d\u2019une visibilit\u00e9 nationale, d\u2019une amplification de son r\u00e9cit et d\u2019un acc\u00e8s \u00e0 d\u2019autres partenaires de Futurpreneur, des bailleur.euse.s de fonds et des leaders de l\u2019\u00e9cosyst\u00e8me \u00e0 travers le Canada. Elle ne recevra pas de prix mon\u00e9taire.<\/p>\n<\/details>\n\n\n\n<details class=\"wp-block-details is-layout-flow wp-block-details-is-layout-flow\"><summary>Existe-t-il un prix du public pour les partenaires communautaires?<\/summary>\n<p>Non, il n\u2019existe qu\u2019un seul prix du public pour les entrepreneur.e.s.<\/p>\n<\/details>\n\n\n\n<details class=\"wp-block-details is-layout-flow wp-block-details-is-layout-flow\"><summary>Quels sont les crit\u00e8res d\u2019\u00e9valuation pour le prix du.de la partenaire communautaire?<\/summary>\n<p>Apr\u00e8s l\u2019\u00e9valuation des inscriptions par Futurpreneur pour v\u00e9rifier l\u2019admissibilit\u00e9 et les crit\u00e8res de qualification de base, les partenaires communautaires seront \u00e9valu\u00e9.e.s par des \u00e9valuateur.rice.s \u00e0 l\u2019aide d\u2019une grille d\u2019\u00e9valuation standardis\u00e9e ax\u00e9e sur les points suivants.<\/p>\n\n\n\n<ul class=\"wp-block-list\">\n<li><strong>Contribution strat\u00e9gique<\/strong> (y compris la collaboration programmatique et le leadership en mati\u00e8re de politique ou d\u2019\u00e9cosyst\u00e8me)<\/li>\n\n\n\n<li><strong>Incidence sur les entrepreneur.e.s<\/strong> (y compris le nombre d\u2019entrepreneur.e.s touch\u00e9.e.s, les r\u00e9sultats mesurables lorsqu\u2019ils sont accessibles et la qualit\u00e9 d\u2019engagement)<\/li>\n\n\n\n<li><strong>Engagement \u00e0 long terme<\/strong> (y compris les partenariats pluriannuels, la croissance de la collaboration et l\u2019innovation dans l\u2019approche)<\/li>\n\n\n\n<li><strong>Promotion d\u2019une croissance \u00e9conomique inclusive<\/strong> (notamment en mettant l\u2019accent sur les communaut\u00e9s qui m\u00e9ritent l\u2019\u00e9quit\u00e9 et sur l\u2019incidence r\u00e9gionale)<\/li>\n\n\n\n<li><strong>Alignement sur la mission de Futurpreneur<\/strong> (y compris les valeurs partag\u00e9es et l\u2019engagement public ou l\u2019amplification)<\/li>\n<\/ul>\n<\/details>\n\n\n\n<details class=\"wp-block-details is-layout-flow wp-block-details-is-layout-flow\"><summary>Quand se fera l\u2019annonce des finalistes et du.de la laur\u00e9at.e du prix du.de la partenaire communautaire?<\/summary>\n<ul class=\"wp-block-list\">\n<li><strong>Les finalistes \u00e0 l\u2019\u00e9chelle nationale (jusqu\u2019\u00e0 huit)<\/strong> seront annonc\u00e9.e.s \u00e0 la fin juillet sur le site Web et les m\u00e9dias sociaux de Futurpreneur.<\/li>\n\n\n\n<li><strong>Le.a laur\u00e9at.e \u00e0 l\u2019\u00e9chelle nationale<\/strong> sera annonc\u00e9.e le 28&nbsp;octobre&nbsp;2026, lors de la c\u00e9r\u00e9monie de remise des prix du 30e&nbsp;anniversaire de Futurpreneur.<\/li>\n<\/ul>\n<\/details>\n\n\n\n<div style=\"height:100px\" aria-hidden=\"true\" class=\"wp-block-spacer\"><\/div>\n","protected":false},"excerpt":{"rendered":"<p>Foire aux questions Pourquoi Futurpreneur lance-t-il ces prix maintenant? Ces prix marquent les 30&nbsp;ans de Futurpreneur, qui soutient les jeunes entrepreneur.e.s qui cr\u00e9ent des entreprises partout au Canada. Ces entreprises cr\u00e9ent des emplois, renforcent les cha\u00eenes d\u2019approvisionnement et lancent de nouvelles id\u00e9es sur le march\u00e9, suscitant l\u2019innovation ici m\u00eame au Canada, ce qui renforce notre [&hellip;]<\/p>\n","protected":false},"author":3,"featured_media":0,"parent":14234,"menu_order":4,"comment_status":"closed","ping_status":"closed","template":"","meta":{"_acf_changed":true,"footnotes":""},"class_list":["post-14238","page","type-page","status-publish","hentry"],"acf":[],"_links":{"self":[{"href":"https:\/\/futurpreneur.ca\/fr\/wp-json\/wp\/v2\/pages\/14238","targetHints":{"allow":["GET"]}}],"collection":[{"href":"https:\/\/futurpreneur.ca\/fr\/wp-json\/wp\/v2\/pages"}],"about":[{"href":"https:\/\/futurpreneur.ca\/fr\/wp-json\/wp\/v2\/types\/page"}],"author":[{"embeddable":true,"href":"https:\/\/futurpreneur.ca\/fr\/wp-json\/wp\/v2\/users\/3"}],"replies":[{"embeddable":true,"href":"https:\/\/futurpreneur.ca\/fr\/wp-json\/wp\/v2\/comments?post=14238"}],"version-history":[{"count":0,"href":"https:\/\/futurpreneur.ca\/fr\/wp-json\/wp\/v2\/pages\/14238\/revisions"}],"up":[{"embeddable":true,"href":"https:\/\/futurpreneur.ca\/fr\/wp-json\/wp\/v2\/pages\/14234"}],"wp:attachment":[{"href":"https:\/\/futurpreneur.ca\/fr\/wp-json\/wp\/v2\/media?parent=14238"}],"curies":[{"name":"wp","href":"https:\/\/api.w.org\/{rel}","templated":true}]}}