{"id":8274,"date":"2024-03-12T15:02:42","date_gmt":"2024-03-12T19:02:42","guid":{"rendered":"https:\/\/futurpreneur.ca\/program\/semaine-mondiale-lentrepreneuriat\/more-about-events\/"},"modified":"2025-11-14T15:05:44","modified_gmt":"2025-11-14T20:05:44","slug":"savoir-plus-evenements","status":"publish","type":"program","link":"https:\/\/futurpreneur.ca\/fr\/program\/semaine-mondiale-lentrepreneuriat\/savoir-plus-evenements\/","title":{"rendered":"En savoir plus sur les \u00e9v\u00e9nements"},"content":{"rendered":"\n\t<section class=\"alignfull header-block \" aria-labelledby=\"header-title\">\n\t\t<!-- Simple Header -->\n\t\t\t\t<!-- Header with an Image -->\n\t\t\t\t<!-- Header with Partners -->\n\t\t\t\t\t<div class=\"main-grid\">\n\t\t\t\t<div class=\"main-grid__margin\"><\/div>\n\t\t\t\t<div class=\"header-with-image\">\n\t\t\t\t\t<div class=\"header-with-image__text\">\n\t\t\t\t\t\t<h1 id=\"header-title\">SME\u202fCanada\u202f: c\u00e9l\u00e9brer l\u2019entrepreneuriat <\/h1>\n\t\t\t\t\t\t<p>Futurpreneur est fier d\u2019\u00eatre le chef de file canadien de la Semaine mondiale de l\u2019entrepreneuriat (SME), une initiative du Global Entrepreneurship Network (GEN).  <\/p>\n\t\t\t\t\t\t\t\t\t\t\t\t\t<div class=\"header-with-image__text__partners\">\n\t\t\t\t\t\t\t\t\t\t\t\t\t\t\t\t\t<div class=\"partner\">\n\t\t\t\t\t\t\t\t\t\t\t\t\t\t\t\t\t\t\t\t\t\t\t\t\t\t\t\t\t\t\t<p>Novembre 17-23, 2025<\/p>\n\t\t\t\t\t\t\t\t\t\t\t\t\t\t\t\t\t\t\t\t<div class=\"partner__img\">\n\t\t\t\t\t\t\t\t\t\t\t\t\t\t\t\t\t\t\t\t\t\t\t<img loading=\"lazy\" decoding=\"async\" width=\"300\" height=\"113\" src=\"https:\/\/futurpreneur.ca\/wp-content\/uploads\/2024\/03\/GEW-Canada-Fr-300x113.png\" class=\"attachment-medium size-medium wp-post-image\" alt=\"\" srcset=\"https:\/\/futurpreneur.ca\/wp-content\/uploads\/2024\/03\/GEW-Canada-Fr-300x113.png 300w, https:\/\/futurpreneur.ca\/wp-content\/uploads\/2024\/03\/GEW-Canada-Fr.png 600w\" sizes=\"auto, (max-width: 300px) 100vw, 300px\" \/>\t\t\t\t\t\t\t\t\t\t\t\t\t\t\t\t\t\t\t\t\t<\/div>\n\t\t\t\t\t\t\t\t\t<\/div>\n\t\t\t\t\t\t\t\t\t\t\t\t\t\t\t<\/div>\n\t\t\t\t\t\t\t\t\t\t\t\t\t\t\t\t\t<\/div>\n\t\t\t\t\t<div class=\"header-with-image__image\">\n\t\t\t\t\t\t<div class=\"aspect-ratio-box\">\n\t\t\t\t\t\t\t\t\t\t\t\t\t\t\t<img loading=\"lazy\" decoding=\"async\" width=\"954\" height=\"1024\" src=\"https:\/\/futurpreneur.ca\/wp-content\/uploads\/2024\/02\/GEW-Flag-raising-2-e1712926150504-954x1024.jpg\" class=\"attachment-large size-large\" alt=\"\" srcset=\"https:\/\/futurpreneur.ca\/wp-content\/uploads\/2024\/02\/GEW-Flag-raising-2-e1712926150504-954x1024.jpg 954w, https:\/\/futurpreneur.ca\/wp-content\/uploads\/2024\/02\/GEW-Flag-raising-2-e1712926150504-279x300.jpg 279w, https:\/\/futurpreneur.ca\/wp-content\/uploads\/2024\/02\/GEW-Flag-raising-2-e1712926150504-768x825.jpg 768w, https:\/\/futurpreneur.ca\/wp-content\/uploads\/2024\/02\/GEW-Flag-raising-2-e1712926150504-1431x1536.jpg 1431w, https:\/\/futurpreneur.ca\/wp-content\/uploads\/2024\/02\/GEW-Flag-raising-2-e1712926150504-1908x2048.jpg 1908w\" sizes=\"auto, (max-width: 954px) 100vw, 954px\" \/>\t\t\t\t\t\t\t\t\t\t\t\t\t<\/div>\n\t\t\t\t\t\t\t\t\t\t\t\t\t<div class=\"header-with-image__image__partners\">\n\t\t\t\t\t\t\t\t<svg class=\"hero__image__partners__lower-left\" width=\"75\" height=\"91\" viewBox=\"0 0 75 91\" fill=\"none\" xmlns=\"http:\/\/www.w3.org\/2000\/svg\">\n\t\t\t\t\t\t\t\t\t<path fill-rule=\"evenodd\" clip-rule=\"evenodd\" d=\"M74.9999 0.849579V91H0.150635C62.7611 91 74.9897 51.9407 74.9897 26.0428V1.84311C74.9897 1.51123 74.9931 1.18004 74.9999 0.849579Z\" fill=\"#EFF5E7\"\/>\n\t\t\t\t\t\t\t\t<\/svg>\n\t\t\t\t\t\t\t\t\t\t\t\t\t\t\t\t\t<div class=\"partner\">\n\t\t\t\t\t\t\t\t\t\t\t\t\t\t\t\t\t\t\t\t\t\t\t\t\t\t\t\t\t\t\t<p>Novembre 17-23, 2025<\/p>\n\t\t\t\t\t\t\t\t\t\t\t\t\t\t\t\t\t\t\t\t<div class=\"partner__img\">\n\t\t\t\t\t\t\t\t\t\t\t\t\t\t\t\t\t\t\t\t\t\t\t<img loading=\"lazy\" decoding=\"async\" width=\"300\" height=\"113\" src=\"https:\/\/futurpreneur.ca\/wp-content\/uploads\/2024\/03\/GEW-Canada-Fr-300x113.png\" class=\"attachment-medium size-medium wp-post-image\" alt=\"\" srcset=\"https:\/\/futurpreneur.ca\/wp-content\/uploads\/2024\/03\/GEW-Canada-Fr-300x113.png 300w, https:\/\/futurpreneur.ca\/wp-content\/uploads\/2024\/03\/GEW-Canada-Fr.png 600w\" sizes=\"auto, (max-width: 300px) 100vw, 300px\" \/>\t\t\t\t\t\t\t\t\t\t\t\t\t\t\t\t\t\t\t\t\t<\/div>\n\t\t\t\t\t\t\t\t\t<\/div>\n\t\t\t\t\t\t\t\t\t\t\t\t\t\t\t\t<svg class=\"hero__image__partners__upper-right\" width=\"107\" height=\"87\" viewBox=\"0 0 107 87\" fill=\"none\" xmlns=\"http:\/\/www.w3.org\/2000\/svg\">\n\t\t\t\t\t\t\t\t\t<path d=\"M0 86.1095C69.5777 83.8225 106.799 71.0731 106.799 0L106.799 86.1095H0Z\" fill=\"#EFF5E7\"\/>\n\t\t\t\t\t\t\t\t<\/svg>\n\t\t\t\t\t\t\t<\/div>\n\t\t\t\t\t\t\t\t\t\t\t<\/div>\n\t\t\t\t<\/div>\n\t\t\t\t<div class=\"main-grid__margin\"><\/div>\n\t\t\t<\/div>\n\t\t\t\t<!-- Header with Video -->\n\t\t\t<\/section>\n\n\n\n\t<section class=\"alignfull program-sub-nav-block\" aria-labelledby=\"program-sub-nav-block-title\">\n\t\t<div class=\"main-grid\">\n\t\t\t<div class=\"main-grid__margin\"><\/div>\n\t\t\t<div class=\"main-grid__body program-sub-nav\">\n\t\t\t\t\t\t\t\t\t<a href=\"https:\/\/futurpreneur.ca\/fr\/program\/semaine-mondiale-lentrepreneuriat\/\" class=\"button \">\n\t\t\t\t\t\t\u00c0 propos\t\t\t\t\t<\/a>\n\t\t\t\t\t\t\t\t\t\t\t\t\t\t\t\t\t\t\t\t\t\t\t\t<a href=\"https:\/\/futurpreneur.ca\/fr\/program\/semaine-mondiale-lentrepreneuriat\/savoir-plus-evenements\/\" class=\"button active\">\n\t\t\t\t\t\t\tEn savoir plus sur les \u00e9v\u00e9nements\t\t\t\t\t\t<\/a>\n\t\t\t\t\t\t\t\t\t\t\t\t\t\t\t\t\t\t\t\t\t\t\t\t\t<a href=\"https:\/\/futurpreneur.ca\/fr\/program\/semaine-mondiale-lentrepreneuriat\/ateliers-a-venir\/\" class=\"button \">\n\t\t\t\t\t\t\tAteliers \u00e0 venir\u00a0\t\t\t\t\t\t<\/a>\n\t\t\t\t\t\t\t\t\t\t\t\t\t\t\t\t<\/div>\n\t\t\t<div class=\"main-grid__margin\"><\/div>\n\t\t<\/div>\n\t<\/section>\n\n\n\n<h3 class=\"wp-block-heading\">Inscription d\u2019un \u00e9v\u00e9nement \u00e0 la SME\u202fCanada<\/h3>\n\n\n\n<div style=\"height:25px\" aria-hidden=\"true\" class=\"wp-block-spacer\"><\/div>\n\n\n\n<p>Il est facile d\u2019inscrire votre \u00e9v\u00e9nement \u00e0 la SME\u202fCanada\u202f:&nbsp;&nbsp;<\/p>\n\n\n\n<ul class=\"wp-block-list\">\n<li>Cr\u00e9ez un profil pour la SME sur le site www.genglobal.org\/user\/register;&nbsp;<\/li>\n\n\n\n<li>Apr\u00e8s approbation, inscrivez votre \u00e9v\u00e9nement sous SME\u202fCanada;&nbsp;<\/li>\n\n\n\n<li>Utilisez le logo de la SME\u202fCanada et indiquez la mention @gewcanada pour faire la promotion de l\u2019\u00e9v\u00e9nement\u202f\u2013 Futurpreneur renforcera son annonce;&nbsp;<\/li>\n\n\n\n<li>\u00c9crivez \u00e0 l\u2019adresse gew@futurpreneur.ca pour toute question ou pour nous informer de votre \u00e9v\u00e9nement;&nbsp;<\/li>\n\n\n\n<li>Documentez la port\u00e9e de votre \u00e9v\u00e9nement et partagez des photos pour accro\u00eetre votre influence!&nbsp;<\/li>\n<\/ul>\n\n\n\n<div style=\"height:25px\" aria-hidden=\"true\" class=\"wp-block-spacer\"><\/div>\n\n\n\n<h3 class=\"wp-block-heading\">Source d\u2019inspiration pour l\u2019\u00e9v\u00e9nement&nbsp;<\/h3>\n\n\n\n<div style=\"height:25px\" aria-hidden=\"true\" class=\"wp-block-spacer\"><\/div>\n\n\n\n<p>Le type d\u2019\u00e9v\u00e9nement que vous organisez d\u00e9pend enti\u00e8rement de vous! Celui-ci peut \u00eatre virtuel, en personne ou hybride, et peut prendre diff\u00e9rentes formes\u202f:&nbsp;&nbsp;&nbsp;<\/p>\n\n\n\n<ul class=\"wp-block-list\">\n<li>Discussions informelles avec des chef.fe.s d\u2019entreprise;&nbsp;<\/li>\n\n\n\n<li>Discussions en groupe sur des questions entrepreneuriales locales ou sectorielles;&nbsp;<\/li>\n\n\n\n<li>Ateliers sur le soutien aux entrepreneur.e.s;&nbsp;<\/li>\n\n\n\n<li>Tables rondes avec des entrepreneur.e.s locaux.ales;&nbsp;<\/li>\n\n\n\n<li>Concours de pr\u00e9sentations ou c\u00e9r\u00e9monies de remise de prix;&nbsp;<\/li>\n\n\n\n<li>Collaboration avec des organisations locales de promotion de l\u2019entrepreneuriat.&nbsp;<\/li>\n<\/ul>\n\n\n\n<div class=\"wp-block-buttons is-layout-flex wp-block-buttons-is-layout-flex\">\n<div class=\"wp-block-button\"><a class=\"wp-block-button__link wp-element-button\" href=\"https:\/\/www.genglobal.org\/gew\/events\" target=\"_blank\" rel=\"noreferrer noopener\">Voir les evenements prevu<\/a><\/div>\n<\/div>\n\n\n\n<div style=\"height:25px\" aria-hidden=\"true\" class=\"wp-block-spacer\"><\/div>\n","protected":false},"excerpt":{"rendered":"<p>Joignez-vous \u00e0 Futurpreneur pour c\u00e9l\u00e9brer la Semaine mondiale de l\u2019entrepreneuriat, le plus grand \u00e9v\u00e9nement annuel pour les entrepreneur.e.s du pays. <\/p>\n","protected":false},"featured_media":0,"parent":259,"menu_order":0,"template":"","program_category":[],"class_list":["post-8274","program","type-program","status-publish","hentry"],"acf":[],"_links":{"self":[{"href":"https:\/\/futurpreneur.ca\/fr\/wp-json\/wp\/v2\/program\/8274","targetHints":{"allow":["GET"]}}],"collection":[{"href":"https:\/\/futurpreneur.ca\/fr\/wp-json\/wp\/v2\/program"}],"about":[{"href":"https:\/\/futurpreneur.ca\/fr\/wp-json\/wp\/v2\/types\/program"}],"version-history":[{"count":0,"href":"https:\/\/futurpreneur.ca\/fr\/wp-json\/wp\/v2\/program\/8274\/revisions"}],"up":[{"embeddable":true,"href":"https:\/\/futurpreneur.ca\/fr\/wp-json\/wp\/v2\/program\/259"}],"wp:attachment":[{"href":"https:\/\/futurpreneur.ca\/fr\/wp-json\/wp\/v2\/media?parent=8274"}],"wp:term":[{"taxonomy":"program_category","embeddable":true,"href":"https:\/\/futurpreneur.ca\/fr\/wp-json\/wp\/v2\/program_category?post=8274"}],"curies":[{"name":"wp","href":"https:\/\/api.w.org\/{rel}","templated":true}]}}